{"id":96,"date":"2026-05-17T16:39:03","date_gmt":"2026-05-17T19:39:03","guid":{"rendered":"https:\/\/selmandursun.com\/?page_id=96"},"modified":"2026-05-17T17:49:59","modified_gmt":"2026-05-17T20:49:59","slug":"uluslararasi-yayinlar","status":"publish","type":"page","link":"https:\/\/selmandursun.com\/?page_id=96","title":{"rendered":"Uluslararas\u0131 Yay\u0131nlar"},"content":{"rendered":"\n<p class=\"wp-block-paragraph\">1. \u201c<a href=\"http:\/\/www.selmandursun.com\/wp-content\/uploads\/sdursun-bagatellkriminalitaet.pdf\" target=\"_blank\" rel=\"noreferrer noopener\">Bagatellkriminalit\u00e4t bei Zueignungs- und Verm\u00f6gensdelikten im t\u00fcrkischen Strafrecht<\/a>\u201c, Internationales Kolloquium zum deutschen und t\u00fcrkischen Strafrecht und Strafprozessrecht \u2013 Die Entwicklung von Rechtssystemen in ihrer gesellschaftlichen Verankerung -, Kolloquium vom 27.05. \u2013 02.06.2009 in Gie\u00dfen und Istanbul, in:&nbsp;<a href=\"https:\/\/www.nomos-shop.de\/titel\/beitraege-zum-deutschen-und-tuerkischen-strafrecht-und-strafprozessrecht-id-72422\/\" target=\"_blank\" rel=\"noreferrer noopener\">Beitr\u00e4ge zum deutschen und t\u00fcrkischen Strafrecht und Strafprozessrecht: Die Entwicklung von Rechtssystemen in ihrer gesellschaftlichen Verankerung<\/a>, Nomos, Baden-Baden, 2010, s.471-478.<\/p>\n\n\n\n<p class=\"wp-block-paragraph\">2. \u201c<a href=\"http:\/\/www.selmandursun.com\/wp-content\/uploads\/sdursun-tch-reformu-ekonomi-ceza.pdf\" target=\"_blank\" rel=\"noreferrer noopener\">T\u00fcrk Ceza Hukuku Reformunun Ekonomi Ceza Hukukuna Etkileri<\/a>\u201c, D\u00fcnyada ve T\u00fcrkiye\u2019de Ceza Hukuku Reformlar\u0131 Kongresi, 26 May\u0131s \u2013 4 Haziran 2010, in:&nbsp;<a href=\"http:\/\/www.onikilevha.com.tr\/yayin_detay.php?yayinid=355\" target=\"_blank\" rel=\"noreferrer noopener\">D\u00fcnyada ve T\u00fcrkiye\u2019de Ceza Hukuku Reformlar\u0131 Kongresi<\/a>&nbsp;Cilt: II, \u0130stanbul, On \u0130ki Levha Yay\u0131nc\u0131l\u0131k, 2013, s.2239-2250.<\/p>\n\n\n\n<p class=\"wp-block-paragraph\">3.&nbsp;<a href=\"http:\/\/www.selmandursun.com\/wp-content\/uploads\/sdursun-ecrt-hr-301.pdf\" target=\"_blank\" rel=\"noreferrer noopener\">A Short Critique of the Judgement of the European Court of Human Rights on Article 301 of the Turkish Penal Code<\/a>,&nbsp;<a href=\"http:\/\/www.taayayinlari.gov.tr\/upload\/pdf\/hr2011-2.pdf\" target=\"_blank\" rel=\"noreferrer noopener\">Human Rights Review<\/a>, Volume: I, Issue: 2, December 2011, pp.17-23.<\/p>\n\n\n\n<p class=\"wp-block-paragraph\">4. (Sebastian Hoffmanns ile birlikte)&nbsp;<a href=\"http:\/\/www.zis-online.com\/dat\/artikel\/2013_6_759.pdf\" target=\"_blank\" rel=\"noreferrer noopener\">Tagungsbericht: Internationales Kolloquium vom 25.-31.7.2012 in Gie\u00dfen und Istanbul \u201eDeutsches und t\u00fcrkisches Straf- und Strafprozessrecht \u2013 Rechtssysteme in ihrer gesellschaftlichen Verankerung\u201c<\/a>, ZIS, 6\/2013, s.286-288.<\/p>\n\n\n\n<p class=\"wp-block-paragraph\">4a. (Sebastian Hoffmanns ile birlikte)&nbsp;<a href=\"https:\/\/dergipark.org.tr\/tr\/download\/article-file\/14669\" target=\"_blank\" rel=\"noreferrer noopener\">Toplant\u0131 Raporu: 25 Temmuz \u2013 31 Temmuz 2012\u2019de Giessen ve \u0130stanbul\u2019daki \u201cAlman ve T\u00fcrk Ceza ve Ceza Muhakemesi Hukuku \u2013 Toplumsal Temelleri \u0130\u00e7inde Hukuk Sistemleri\u201d Milletleraras\u0131 Kolokyumu<\/a>, CHKD, Cilt: 2, Say\u0131: 1-2, 2014, s. 323-329.<\/p>\n\n\n\n<p class=\"wp-block-paragraph\">5. (Sebastian Hoffmanns ile birlikte) \u201c<a href=\"http:\/\/www.selmandursun.com\/wp-content\/uploads\/sdursun-shoffmanns-waffenbegriff.pdf\" target=\"_blank\" rel=\"noreferrer noopener\">Der Waffenbegriff im t\u00fcrkischen und deutschen Strafrecht<\/a>\u201c, in:&nbsp;<a href=\"https:\/\/www.nomos-shop.de\/titel\/die-entwicklung-von-rechtssystemen-in-ihrer-gesellschaftlichen-verankerung-id-72423\/\" target=\"_blank\" rel=\"noreferrer noopener\">Die Entwicklung von Rechtssystemen in ihrer gesellschaftlichen Verankerung: Forschungsband zum deutschen und t\u00fcrkischen Strafrecht und Strafprozessrecht Alexander von Humboldt Stiftung Institutspartnerschaft (2009-2013)<\/a>, Nomos, Baden-Baden, 2014, s.193-224.<\/p>\n\n\n\n<p class=\"wp-block-paragraph\">6. (Prof. Dr. Ali Kemal YILDIZ ve Yrd. Do\u00e7. Dr. Serdar TALAS ile birlikte) \u201c<a href=\"http:\/\/www.selmandursun.com\/wp-content\/uploads\/tutuklama-adli-kontrol.pdf\" target=\"_blank\" rel=\"noreferrer noopener\">Koruma Tedbirleri \u2013 T\u00fcrkiye Raporu: Tutuklama ve Adli Kontrol<\/a>\u201c, 11. Ceza Hukuku G\u00fcnleri: Koruma Tedbirleri ve T\u00fcrk Anayasalar\u0131 ile Yeni Anayasa \u00d6nerilerinde Koruma Tedbirlerine \u0130li\u015fkin D\u00fczenlemeler, 1 \u2013 3 Haziran 2016, \u00dclke Raporlar\u0131,&nbsp;\u0130stanbul, 2016, s.297-309.<\/p>\n\n\n\n<p class=\"wp-block-paragraph\">7. \u201c<a href=\"http:\/\/dergipark.org.tr\/download\/article-file\/352051\" target=\"_blank\" rel=\"noreferrer noopener\">Geldw\u00e4sche im t\u00fcrkischen Strafrecht<\/a>\u201c, 3. T\u00fcrkiye- Kore Ceza Hukuku G\u00fcnleri, \u0130stanbul, 1-2 Ekim 2015, Ceza Hukuku ve Kriminoloji Dergisi, Cilt: 4, Say\u0131: 2, 2016, s. 97-111.<\/p>\n\n\n\n<p class=\"wp-block-paragraph\">8. \u201c<a href=\"http:\/\/www.selmandursun.com\/wp-content\/uploads\/istinaf-tr-raporu.pdf\" target=\"_blank\" rel=\"noreferrer noopener\">\u0130stinaf ve Bireysel Ba\u015fvuru T\u00fcrkiye Raporu<\/a>\u201c, 12. Ceza Hukuku G\u00fcnleri: \u0130stinaf Kanun Yolu ve Anayasa Mahkemesine Bireysel Ba\u015fvuru, 1 \u2013 3 Haziran 2017, Tebli\u011fler, \u0130stanbul, 2017,&nbsp;s.71-110.<\/p>\n\n\n\n<p class=\"wp-block-paragraph\">9. \u201c<a href=\"http:\/\/www.selmandursun.com\/wp-content\/uploads\/sdursun-ulke-raporu-degerlendirme.pdf\" target=\"_blank\" rel=\"noreferrer noopener\">Reviewing of Country Reports: Poland, Croatia, Bosnia&amp;Herzegovina, Norway, India, Canada<\/a>\u201c, 2. Ceza Hukuku Reformlar\u0131 Kongresi, Ceza Hukuku Yapt\u0131r\u0131mlar\u0131, Kanunlar ve Uygulama, 2nd Criminal Law Reforms Congress, Criminal Sanctions, The Gap between Idea and Practice, s. 1009-1015.<\/p>\n\n\n\n<p class=\"wp-block-paragraph\">10. \u201c<a href=\"http:\/\/www.selmandursun.com\/wp-content\/uploads\/sdursun-strafbarkeit-kinderpornographie.pdf\" target=\"_blank\" rel=\"noreferrer noopener\">Die Strafbarkeit der Kinderpornographie im t\u00fcrkischen Recht<\/a>\u201c,&nbsp;<a href=\"https:\/\/www.mohrsiebeck.com\/buch\/populismus-und-alternative-fakten-9783161560651\" target=\"_blank\" rel=\"noreferrer noopener\">Populismus und alternative Fakten (Straf-)Rechtswissenschaft in der Krise? Abschiedskolloquium f\u00fcr Walter Gropp<\/a>, Hrsg.&nbsp;Arndt Sinn, Pierre Hauck, Michael Nagel, Liane W\u00f6rner, T\u00fcbingen, Mohr Siebeck, 2020, s.47-63.<\/p>\n\n\n\n<p class=\"wp-block-paragraph\">11. (Tuba Top\u00e7uo\u011flu ile birlikte) \u201c<a href=\"https:\/\/selmandursun.com\/wp-content\/uploads\/sdursun-ttopcuoglu-victimology.pdf\" target=\"_blank\" rel=\"noreferrer noopener\">Turkey: Victimology and Victim Protection<\/a>\u201c,\u00a0<a href=\"https:\/\/www.duncker-humblot.de\/en\/buch\/mapping-the-victimological-landscape-of-the-balkans-9783428159932\" target=\"_blank\" rel=\"noreferrer noopener\">Mapping the Victimological Landscape of the Balkans: A Regional Study on Victimology and Victim Protection with a Critical Analysis of Current Victim Policies<\/a>, Eds. Me\u0161ko\/S\u00e1rik\/Geto\u0161 Kalac, Berlin,\u00a0Duncker &amp; Humblot, 2020, s.531-572.<\/p>\n\n\n\n<p class=\"wp-block-paragraph\">12.&nbsp;<a href=\"http:\/\/www.selmandursun.com\/wp-content\/uploads\/sdursun-soldaten-morder-addendum-germany.pdf\" target=\"_blank\" rel=\"noreferrer noopener\">Addendum on Germany:&nbsp;Bericht \u00fcber die Entscheidung \u201eSoldaten sind M\u00f6rder\u201c: Meinungsfreiheit und Ehrschutzdelikte<\/a>,&nbsp;<a href=\"https:\/\/link.springer.com\/book\/10.1007\/978-94-6265-650-5\" target=\"_blank\" rel=\"noreferrer noopener\">Criminalising Hate Speech, A Comparative Study<\/a>, Ed. Eric Heinze, The Hauge, Asser Press &amp; Springer, 2024, s. 252-259.<\/p>\n","protected":false},"excerpt":{"rendered":"<p>1. \u201cBagatellkriminalit\u00e4t bei Zueignungs- und Verm\u00f6gensdelikten im t\u00fcrkischen Strafrecht\u201c, Internationales Kolloquium zum deutschen und t\u00fcrkischen Strafrecht und Strafprozessrecht \u2013 Die Entwicklung von Rechtssystemen in ihrer gesellschaftlichen Verankerung -, Kolloquium vom 27.05. \u2013 02.06.2009 in Gie\u00dfen und Istanbul, in:&nbsp;Beitr\u00e4ge zum deutschen &hellip; <a href=\"https:\/\/selmandursun.com\/?page_id=96\">Okumaya devam et <span class=\"meta-nav\">&rarr;<\/span><\/a><\/p>\n","protected":false},"author":1,"featured_media":0,"parent":0,"menu_order":0,"comment_status":"closed","ping_status":"closed","template":"","meta":{"footnotes":""},"class_list":["post-96","page","type-page","status-publish","hentry"],"_links":{"self":[{"href":"https:\/\/selmandursun.com\/index.php?rest_route=\/wp\/v2\/pages\/96","targetHints":{"allow":["GET"]}}],"collection":[{"href":"https:\/\/selmandursun.com\/index.php?rest_route=\/wp\/v2\/pages"}],"about":[{"href":"https:\/\/selmandursun.com\/index.php?rest_route=\/wp\/v2\/types\/page"}],"author":[{"embeddable":true,"href":"https:\/\/selmandursun.com\/index.php?rest_route=\/wp\/v2\/users\/1"}],"replies":[{"embeddable":true,"href":"https:\/\/selmandursun.com\/index.php?rest_route=%2Fwp%2Fv2%2Fcomments&post=96"}],"version-history":[{"count":2,"href":"https:\/\/selmandursun.com\/index.php?rest_route=\/wp\/v2\/pages\/96\/revisions"}],"predecessor-version":[{"id":206,"href":"https:\/\/selmandursun.com\/index.php?rest_route=\/wp\/v2\/pages\/96\/revisions\/206"}],"wp:attachment":[{"href":"https:\/\/selmandursun.com\/index.php?rest_route=%2Fwp%2Fv2%2Fmedia&parent=96"}],"curies":[{"name":"wp","href":"https:\/\/api.w.org\/{rel}","templated":true}]}}